{"id":41,"date":"2016-11-30T14:50:11","date_gmt":"2016-11-30T14:50:11","guid":{"rendered":"http:\/\/www.santaana.gob.ar\/blog\/?page_id=41"},"modified":"2025-10-01T19:13:45","modified_gmt":"2025-10-01T19:13:45","slug":"licitaciones","status":"publish","type":"page","link":"http:\/\/www.santaana.gob.ar\/home\/licitaciones\/","title":{"rendered":"Licitaciones"},"content":{"rendered":"<p><b> PROCEDIMIENTOS EN CURSO 2025<\/b><\/p>\n<p><a href=\"https:\/\/www.santaana.gob.ar\/home\/2025\/10\/01\/llamado-a-licitacion-publica-no-06-2025\/\" target=\"_blank\" rel=\"noopener\"> LICITACI\u00d3N P\u00daBLICA N\u00b006\/2025<\/a><br \/>\nLa Municipalidad de Santa Ana, provincia de Entre R\u00edos, dispone el llamado a LICITACION PUBLICA que se individualizar\u00e1 con el N\u00ba 06\/2025, con el objeto de adjudicar el espacio para la concesi\u00f3n de la explotaci\u00f3n de los servicios de \u00abProveedur\u00eda, Cantina y Helader\u00eda\u00bb en costanera Av. Mandisov\u00ed en la localidad Santa Ana, sector termal, por el per\u00edodo desde el 01 de Diciembre de 2025 hasta el 28 de Febrero de 2026.-<br \/>\nEl d\u00eda martes 07 de octubre 2025 a las 10 Hs. la fecha para la apertura del acto licitatorio.<br \/>\n<a href=\"https:\/\/www.santaana.gob.ar\/home\/2025\/10\/01\/llamado-a-licitacion-publica-no-06-2025\/\"><b>DESCARGAR PLIEGOS<\/b><\/a><br \/>\n<b>&#8212;&#8212;&#8212;&#8212;&#8212;&#8212;&#8212;&#8212;&#8212;&#8212;&#8212;&#8212;&#8212;&#8212;&#8212;&#8212;&#8212;<\/b><br \/>\n<a href=\"https:\/\/www.santaana.gob.ar\/home\/2025\/09\/08\/llamado-a-licitacion-no-05-2025\/\" target=\"_blank\" rel=\"noopener\"> LICITACI\u00d3N P\u00daBLICA N\u00b005\/2025<\/a><br \/>\nLa Municipalidad de Santa Ana, provincia de Entre R\u00edos, dispone el llamado a Licitaci\u00f3n P\u00fablica que asignar\u00e1 N\u00ba 05\/2025, con el objeto de adjudicar la concesi\u00f3n de la explotaci\u00f3n de los servicios de \u201cProveedur\u00eda, Cantina y Helader\u00eda\u201d en el \u201cParador N\u00ba2 \u2013 Playa 52\u201d del Balneario de Santa Ana por el per\u00edodo desde el 01 de Diciembre de 2025 hasta el 28 de Febrero de 2026.-<br \/>\nSe establece el d\u00eda martes 30 de septiembre 2025 a las 11:00 Hs. la fecha para la apertura de los sobres correspondientes a la licitaci\u00f3n dispuesta por la presente.<br \/>\n<a href=\"https:\/\/www.santaana.gob.ar\/home\/2025\/09\/08\/llamado-a-licitacion-no-05-2025\/\"><b>DESCARGAR PLIEGOS<\/b><\/a><br \/>\n<b>&#8212;&#8212;&#8212;&#8212;&#8212;&#8212;&#8212;&#8212;&#8212;&#8212;&#8212;&#8212;&#8212;&#8212;&#8212;&#8212;&#8212;<\/b><br \/>\n<a href=\"https:\/\/www.santaana.gob.ar\/home\/2025\/09\/08\/llamado-a-licitacion-no-04-2025\/\" target=\"_blank\" rel=\"noopener\"> LICITACI\u00d3N P\u00daBLICA N\u00b004\/2025<\/a><br \/>\nLa Municipalidad de Santa Ana, provincia de Entre R\u00edos, dispone el llamado a Licitaci\u00f3n P\u00fablica que asignar\u00e1 elN\u00ba 04\/2025, con el objeto de adjudicar la concesi\u00f3n de la explotaci\u00f3n de los servicios de \u201cProveedur\u00eda, Cantina y Helader\u00eda\u201d en el \u201cParador N\u00ba 1\u201d del Balneario de Santa Ana por el per\u00edodo desde el 01 de Diciembre de 2025 hasta el 28 de Febrero de 2026.<br \/>\nSe establece el d\u00eda martes 30 de septiembre 2025 a las 10:00 Hs. la fecha para la apertura de los sobres correspondientes a la licitaci\u00f3n dispuesta por la presente.<br \/>\n<a href=\"https:\/\/www.santaana.gob.ar\/home\/2025\/09\/08\/llamado-a-licitacion-no-04-2025\/\"><b>DESCARGAR PLIEGOS<\/b><\/a><br \/>\n<b>&#8212;&#8212;&#8212;&#8212;&#8212;&#8212;&#8212;&#8212;&#8212;&#8212;&#8212;&#8212;&#8212;&#8212;&#8212;&#8212;&#8212;<\/b><br \/>\n<a href=\"https:\/\/www.santaana.gob.ar\/home\/2025\/09\/08\/llamado-a-licitacion-no-03-2025\/\" target=\"_blank\" rel=\"noopener\"> LICITACI\u00d3N P\u00daBLICA N\u00b003\/2025<\/a><br \/>\nLa Municipalidad de Santa Ana, provincia de Entre R\u00edos, dispone el llamado a Licitaci\u00f3n P\u00fablica que asignar\u00e1 el N\u00ba 03\/2025, con el objeto de adjudicar la concesi\u00f3n de la explotaci\u00f3n de los servicios de \u201cProveedur\u00eda, Cantina, Restaurante y Helader\u00eda\u201d en el Camping Municipal de Santa Ana por los siguientes periodos a) desde 01 Diciembre de 2025 hasta 28 de Febrero de 2026, y b) Noviembre de 2025 y desde 01 de Marzo de 2026 hasta el 30 de Septiembre de 2026.<br \/>\nSe establece el d\u00eda martes 30 de septiembre 2025 a las 9:00 Hs. la fecha para la apertura de los sobres correspondientes a la licitaci\u00f3n dispuesta por la presente.<br \/>\n<a href=\"https:\/\/www.santaana.gob.ar\/home\/2025\/09\/08\/llamado-a-licitacion-no-03-2025\/\"><b>DESCARGAR PLIEGOS<\/b><\/a><br \/>\n<b>&#8212;&#8212;&#8212;&#8212;&#8212;&#8212;&#8212;&#8212;&#8212;&#8212;&#8212;&#8212;&#8212;&#8212;&#8212;&#8212;&#8212;<\/b><br \/>\n<a href=\"https:\/\/www.santaana.gob.ar\/home\/2025\/08\/22\/llamado-a-licitacion-no-02-2025\/\" target=\"_blank\" rel=\"noopener\"> LICITACI\u00d3N P\u00daBLICA N\u00b002\/2025<\/a><br \/>\nLa Municipalidad de Santa Ana, provincia de Entre R\u00edos, dispone el llamado a Licitaci\u00f3n P\u00fablica que asignar\u00e1 el N\u00b002\/2025, con el objeto de adjudicar la provisi\u00f3n de nueve juegos para parque a cielo abierto: dos mangrullos, dos trepadores, una hamaca cu\u00e1druple mixta, un sube y baja, una calesita trompo, un trompo pl\u00e1stico y un panel did\u00e1ctico, cuyas caracter\u00edsticas y descripci\u00f3n t\u00e9cnica se encuentran detalladas en los pliegos licitatorios.<br \/>\nSe establece el d\u00eda 09 de septiembre de 2025 a las 10:00 hs. la fecha para la apertura de los sobres correspondientes a la licitaci\u00f3n dispuesta por la presente.<br \/>\n<a href=\"https:\/\/www.santaana.gob.ar\/home\/2025\/08\/22\/llamado-a-licitacion-no-02-2025\/\"><b>DESCARGAR PLIEGOS<\/b><\/a><br \/>\n<b>&#8212;&#8212;&#8212;&#8212;&#8212;&#8212;&#8212;&#8212;&#8212;&#8212;&#8212;&#8212;&#8212;&#8212;&#8212;&#8212;&#8212;<\/b><br \/>\n<a href=\"https:\/\/www.santaana.gob.ar\/home\/2025\/06\/10\/llamado-a-licitacion-no-01-2025\/\" target=\"_blank\" rel=\"noopener\"> LICITACI\u00d3N P\u00daBLICA N\u00b001\/2025<\/a><br \/>\nLa Municipalidad de Santa Ana, provincia de Entre R\u00edos, dispone el llamado a Licitaci\u00f3n P\u00fablica que asignar\u00e1 el N\u00b001\/2025, con el objeto de adquirir equipo clasificador de residuos s\u00f3lidos urbanos para la Planta de Tratamientos de Residuos S\u00f3lidos Urbanos de la localidad de Santa Ana y cuyas caracter\u00edsticas t\u00e9cnicas se detallan en el Pliego de Condiciones Particulares.<br \/>\n<a href=\"https:\/\/www.santaana.gob.ar\/home\/2025\/06\/10\/llamado-a-licitacion-no-01-2025\/\"><b>DESCARGAR PLIEGOS<\/b><\/a><\/p>\n<p><b>&#8212;&#8212;&#8212;&#8212;&#8212;&#8212;&#8212;&#8212;&#8212;&#8212;&#8212;&#8212;&#8212;&#8212;&#8212;&#8212;&#8212;<\/b><br \/>\n<b> LICITACIONES 2024<\/b><\/p>\n<p><a href=\"https:\/\/www.santaana.gob.ar\/home\/2024\/09\/18\/licitacion-publica-n3-2024\/\" target=\"_blank\" rel=\"noopener\"> LICITACI\u00d3N P\u00daBLICA N\u00b003\/2024<\/a><br \/>\nLa Municipalidad de Santa Ana, provincia de Entre R\u00edos, dispone el llamado a Licitaci\u00f3n P\u00fablica ue se individualizar\u00e1 con el N\u00b0 03\/2024, con el objeto de adjudicar la concesi\u00f3n de la explotaci\u00f3n de los servicios de \u00abProveedur\u00eda, Cantina y Helader\u00eda\u00bb en el \u00abParador N\u00b02 \u2013 Playa 52\u00bb del Balneario de Santa Ana por el per\u00edodo desde el 01 de Diciembre de 2024 hasta el 28 de Febrero de 2025.<br \/>\nDispone el d\u00eda viernes 04 de octubre de 2024, a la hora 11:00 para apertura de propuestas.<br \/>\n<a href=\"https:\/\/www.santaana.gob.ar\/home\/2024\/09\/18\/licitacion-publica-n3-2024\/\"><b>DESCARGAR PLIEGOS<\/b><\/a><br \/>\n<b>&#8212;&#8212;&#8212;&#8212;&#8212;&#8212;&#8212;&#8212;&#8212;&#8212;&#8212;&#8212;&#8212;&#8212;&#8212;&#8212;&#8212;<\/b><br \/>\n<a href=\"https:\/\/www.santaana.gob.ar\/home\/2024\/09\/18\/licitacion-publica-n2-2024\/\" target=\"_blank\" rel=\"noopener\"> LICITACI\u00d3N P\u00daBLICA N\u00b002\/2024<\/a><br \/>\nLa Municipalidad de Santa Ana, provincia de Entre R\u00edos, dispone el llamado a Licitaci\u00f3n P\u00fablica. que se individualizar\u00e1 con el N\u00b0 02\/2024, con el objeto de adjudicar la concesi\u00f3n de la explotaci\u00f3n de los servicios de \u00abProveedur\u00eda, Cantina y Helader\u00eda\u00bb en el \u00abParador N\u00b0 1\u00bb del Balneario de Santa Ana por el per\u00edodo desde el 01 de Diciembre de 2024 hasta el 28 de Febrero de 2025.<br \/>\nDispone el d\u00eda viernes 04 de octubre de 2024, a la hora 10:00 para apertura de propuestas.<br \/>\n<a href=\"https:\/\/www.santaana.gob.ar\/home\/2024\/09\/18\/licitacion-publica-n2-2024\/\"><b>DESCARGAR PLIEGOS<\/b><\/a><br \/>\n<b>&#8212;&#8212;&#8212;&#8212;&#8212;&#8212;&#8212;&#8212;&#8212;&#8212;&#8212;&#8212;&#8212;&#8212;&#8212;&#8212;&#8212;<\/b><br \/>\n<a href=\"https:\/\/www.santaana.gob.ar\/home\/2024\/09\/18\/licitacion-publica-no1-2024\/\" target=\"_blank\" rel=\"noopener\"> LICITACI\u00d3N P\u00daBLICA N\u00b001\/2024<\/a><br \/>\nLa Municipalidad de Santa Ana, provincia de Entre R\u00edos, dispone el llamado a Licitaci\u00f3n P\u00fablica que se individualizar\u00e1 con el N\u00b0 01\/2024, que tiene por objeto la adjudicaci\u00f3n en concesi\u00f3n de la explotaci\u00f3n de los servicios de \u201cPROVEEDURIA, CANTINA, RESTAURANTE y HELADER\u00cdA\u00bb EN EL CAMPING MUNICIPAL de SANTA ANA\u201d por los siguientes per\u00edodos:<br \/>\na) desde 01 de Diciembre de 2024 hasta 28 de Febrero de 2025.<br \/>\nb) Noviembre de 2024 y desde 01 de Marzo de 2025 hasta el 30 de Septiembre de 2025..<br \/>\nDispone el d\u00eda viernes 04 de octubre de 2024, a la hora 9:00 para apertura de propuestas.<br \/>\n<a href=\"https:\/\/www.santaana.gob.ar\/home\/2024\/09\/18\/licitacion-publica-no1-2024\/\"><b>DESCARGAR PLIEGOS<\/b><\/a><br \/>\n<b>&#8212;&#8212;&#8212;&#8212;&#8212;&#8212;&#8212;&#8212;&#8212;&#8212;&#8212;&#8212;&#8212;&#8212;&#8212;&#8212;&#8212;<\/b><\/p>\n<p><b> PROCEDIMIENTOS EN CURSO 2023<\/b><\/p>\n<p><a href=\"http:\/\/www.santaana.gob.ar\/home\/2023\/09\/28\/licitacion-publica-n08-2023\/\" target=\"_blank\" rel=\"noopener\"> LICITACI\u00d3N P\u00daBLICA N\u00b008\/2023<\/a><br \/>\nLa municipalidad de Santa Ana, provincia de Entre R\u00edos, dispone el llamado a Licitaci\u00f3n P\u00fablica. que tiene por objeto la adjudicaci\u00f3n en concesi\u00f3n de la explotaci\u00f3n de los servicios de \u201cPROVEEDURIA, CANTINA y HELADER\u00cdA EN EL PARADOR N\u00ba2 \u2013 PLAYA 52\u2033, DEL BALNEARIO MUNICIPAL de SANTA ANA.<br \/>\nDispone el d\u00eda martes 06 de octubre de 2023, a la hora 11:00 para apertura de propuestas.<br \/>\n<a href=\"http:\/\/www.santaana.gob.ar\/home\/2023\/09\/28\/licitacion-publica-n08-2023\/\"><b>DESCARGAR PLIEGOS<\/b><\/a><br \/>\n<b>&#8212;&#8212;&#8212;&#8212;&#8212;&#8212;&#8212;&#8212;&#8212;&#8212;&#8212;&#8212;&#8212;&#8212;&#8212;&#8212;&#8212;<\/b><br \/>\n<a href=\"http:\/\/www.santaana.gob.ar\/home\/2023\/09\/28\/licitacion-publica-n07-2023\/\" target=\"_blank\" rel=\"noopener\"> LICITACI\u00d3N P\u00daBLICA N\u00b007\/2023<\/a><br \/>\nLa municipalidad de Santa Ana, provincia de Entre R\u00edos, dispone el llamado a Licitaci\u00f3n P\u00fablica. que tiene por objeto la adjudicaci\u00f3n en concesi\u00f3n de la explotaci\u00f3n de los servicios de \u201cPROVEEDURIA, CANTINA y HELADER\u00cdA EN EL PARADOR N\u00ba 1 DEL BALNEARIO MUNICIPAL de SANTA ANA\u00bb.<br \/>\nDispone el d\u00eda viernes 06 de octubre de 2023, a la hora 10:00 para apertura de propuestas.<br \/>\n<a href=\"http:\/\/www.santaana.gob.ar\/home\/2023\/09\/28\/licitacion-publica-n07-2023\/\"><b>DESCARGAR PLIEGOS<\/b><\/a><br \/>\n<b>&#8212;&#8212;&#8212;&#8212;&#8212;&#8212;&#8212;&#8212;&#8212;&#8212;&#8212;&#8212;&#8212;&#8212;&#8212;&#8212;&#8212;<\/b><br \/>\n<a href=\"http:\/\/www.santaana.gob.ar\/home\/2023\/09\/28\/licitacion-publica-n06-2023\/\" target=\"_blank\" rel=\"noopener\"> LICITACI\u00d3N P\u00daBLICA N\u00b006\/2023<\/a><br \/>\nLa municipalidad de Santa Ana, provincia de Entre R\u00edos, dispone el llamado a Licitaci\u00f3n P\u00fablica. que tiene por objeto la adjudicaci\u00f3n en concesi\u00f3n de la explotaci\u00f3n de los servicios de \u201cPROVEEDURIA, CANTINA, RESTAURANTE y HELADER\u00cdA\u00bb EN EL CAMPING MUNICIPAL de SANTA ANA\u201d.<br \/>\nDispone el d\u00eda viernes 06 de octubre de 2023, a la hora 9:00 para apertura de propuestas.<br \/>\n<a href=\"http:\/\/www.santaana.gob.ar\/home\/2023\/09\/28\/licitacion-publica-n06-2023\/\"><b>DESCARGAR PLIEGOS<\/b><\/a><br \/>\n<b>&#8212;&#8212;&#8212;&#8212;&#8212;&#8212;&#8212;&#8212;&#8212;&#8212;&#8212;&#8212;&#8212;&#8212;&#8212;&#8212;&#8212;<\/b><br \/>\n<a href=\"http:\/\/www.santaana.gob.ar\/home\/2023\/05\/29\/licitacion-publica-no-05-2023\/\" target=\"_blank\" rel=\"noopener\"> LICITACI\u00d3N P\u00daBLICA N\u00ba 05\/2023<\/a><br \/>\nLa Municipalidad de Santa Ana, provincia de Entre R\u00edos, dispone el llamado a LICITACION P\u00daBLICA N\u00ba 05\/2023 para la venta de una fracci\u00f3n de terreno bald\u00edo, seg\u00fan plano de mensura N\u00ba 38.568 a\u00f1o 2013, con superficie de 13.000 metros cuadrados ubicado sobre calle Costanera \u00abLos Sauces y Ram\u00f3n Beguiristain.<br \/>\nDispone el d\u00eda viernes 09 de junio 2023, 10:00 hs la fecha y hora para la apertura de los sobres correspondientes a la licitaci\u00f3n dispuesta por la presente.-<br \/>\n<a href=\"http:\/\/www.santaana.gob.ar\/home\/2023\/05\/29\/licitacion-publica-no-05-2023\/\"><b>DESCARGAR PLIEGOS<\/b><\/a><br \/>\n<b>&#8212;&#8212;&#8212;&#8212;&#8212;&#8212;&#8212;&#8212;&#8212;&#8212;&#8212;&#8212;&#8212;&#8212;&#8212;&#8212;&#8212;<\/b><br \/>\n<a href=\"http:\/\/www.santaana.gob.ar\/home\/2023\/05\/11\/licitacion-publica-no-04-2023\/\" target=\"_blank\" rel=\"noopener\"> <b>LICITACI\u00d3N P\u00daBLICA N\u00ba 04\/2023 &#8211; PRORROGA APERTURA<\/b><\/a><br \/>\nLa municipalidad de Santa Ana, provincia de Entre R\u00edos, dispone el llamado a LICITACION P\u00daBLICA N\u00ba 04\/2023 con el objeto de la provisi\u00f3n de ca\u00f1os para la obra denominada \u201cPerforaci\u00f3n termal en Santa Ana\u201d localidad de Santa Ana, provincia de Entre R\u00edos.<br \/>\nDispone el DECRETO N\u00b0 55\/2023 D.E. que extiende el plazo de presentacion hasta el dia de junio de 2023, 10:00 hs como fecha y hora para la apertura de los sobres correspondientes a la licitaci\u00f3n dispuesta por la presente.-<br \/>\n<a href=\"http:\/\/www.santaana.gob.ar\/home\/2023\/05\/11\/licitacion-publica-no-04-2023\/\">DESCARGAR PLIEGOS<\/a><br \/>\n<b>&#8212;&#8212;&#8212;&#8212;&#8212;&#8212;&#8212;&#8212;&#8212;&#8212;&#8212;&#8212;&#8212;&#8212;&#8212;&#8212;&#8212;<\/b><br \/>\n<a href=\"http:\/\/www.santaana.gob.ar\/home\/2023\/04\/25\/llamado-licitacion-publica-no03-2023\/\" target=\"_blank\" rel=\"noopener\"> LICITACI\u00d3N P\u00daBLICA N\u00ba 03\/2023<\/a><br \/>\nLa municipalidad de Santa Ana, provincia de Entre R\u00edos, dispone el llamado a Licitaci\u00f3n P\u00fablica N\u00ba 03\/2023. Que tiene por objeto La venta por subasta p\u00fablica de los inmuebles propiedad municipal: una fracci\u00f3n de terreno plano de mensura  N\u00ba 38.568 a\u00f1o 2013.<br \/>\nDispone el d\u00eda viernes 19 de mayo de 2023, a la hora 11:00 para apertura de sobres.<br \/>\n<a href=\"http:\/\/www.santaana.gob.ar\/home\/2023\/04\/25\/llamado-licitacion-publica-no03-2023\/\">DESCARGAR PLIEGOS<\/a><br \/>\n<b>&#8212;&#8212;&#8212;&#8212;&#8212;&#8212;&#8212;&#8212;&#8212;&#8212;&#8212;&#8212;&#8212;&#8212;&#8212;&#8212;&#8212;<\/b><br \/>\n<a href=\"http:\/\/www.santaana.gob.ar\/home\/2023\/04\/25\/llamado-licitacion-publica-no02-2023\/\" target=\"_blank\" rel=\"noopener\"> LICITACI\u00d3N P\u00daBLICA N\u00ba 02\/2023<\/a><br \/>\nLa municipalidad de Santa Ana, provincia de Entre R\u00edos, dispone el llamado a Licitaci\u00f3n P\u00fablica N\u00ba 02\/2023. Que tiene por objeto la venta de una fracci\u00f3n de terreno bald\u00edo, del dominio privado de la Municipalidad de Santa Ana, seg\u00fan plano de mensura N\u00ba 48.873.<br \/>\nDispone el d\u00eda viernes 19 de mayo de 2023, a la hora 9:00 para apertura de sobres.<br \/>\n<a href=\"http:\/\/www.santaana.gob.ar\/home\/2023\/04\/25\/llamado-licitacion-publica-no02-2023\/\">DESCARGAR PLIEGOS<\/a><br \/>\n<b>&#8212;&#8212;&#8212;&#8212;&#8212;&#8212;&#8212;&#8212;&#8212;&#8212;&#8212;&#8212;&#8212;&#8212;&#8212;&#8212;&#8212;&#8211;<\/b><br \/>\n<a href=\"http:\/\/www.santaana.gob.ar\/home\/2023\/03\/15\/prorroga-licitacion-publica-para-la-perforacion-termal\/\" target=\"_blank\" rel=\"noopener\"> <b>LICITACI\u00d3N N\u00ba 01\/2023<\/b><\/a><br \/>\nEl Intendente Rogelio Zanandrea firm\u00f3 el Decreto a trav\u00e9s del cual se dispone UNA PRORROGA para el llamado a licitaci\u00f3n p\u00fablica para la Perforaci\u00f3n Termal en Santa Ana.<br \/>\n\u25aa\ufe0f La apertura de sobres se realizar\u00e1 el martes 04 de abril a las 10:00 horas.<br \/>\n<b>&#8212;&#8212;&#8212;&#8212;&#8212;&#8212;&#8212;&#8212;&#8212;&#8212;&#8212;&#8212;&#8212;&#8212;&#8212;&#8212;&#8212;&#8211;<\/b><br \/>\n<b> PROCEDIMIENTOS EN CURSO 2022<\/b><br \/>\n<a href=\"http:\/\/www.santaana.gob.ar\/home\/2022\/08\/12\/llamado-licitacion-publica-no01-2022\/\" target=\"_blank\" rel=\"noopener\">LICITACION PUBLICA N\u00ba01\/2022<\/a><br \/>\n<a href=\"http:\/\/www.santaana.gob.ar\/home\/2022\/08\/12\/llamado-licitacion-publica-no02-2022\/\" target=\"_blank\" rel=\"noopener\">LICITACION PUBLICA N\u00ba02\/2022<\/a><br \/>\n<a href=\"http:\/\/www.santaana.gob.ar\/home\/2022\/08\/12\/llamado-licitacion-publica-no-03-2022\/\" target=\"_blank\" rel=\"noopener\">LICITACION PUBLICA N\u00ba03\/2022<\/a><br \/>\n<a href=\"http:\/\/www.santaana.gob.ar\/home\/2022\/09\/01\/llamado-a-licitacion\/\" target=\"_blank\" rel=\"noopener\">LICITACION PUBLICA N\u00ba04\/2022<\/a><br \/>\n<a href=\"http:\/\/www.santaana.gob.ar\/home\/2022\/11\/17\/llamado-a-licitacion-no-5\/\" target=\"_blank\" rel=\"noopener\">LICITACION PUBLICA N\u00ba05\/2022<\/a><br \/>\n<a href=\"http:\/\/www.santaana.gob.ar\/home\/2022\/11\/17\/llamado-licitacion-publica-no6\/\" target=\"_blank\" rel=\"noopener\">LICITACION PUBLICA N\u00ba06\/2022<\/a><br \/>\n<a href=\"http:\/\/www.santaana.gob.ar\/home\/2022\/11\/30\/llamado-licitacion-publica-no7\/\" target=\"_blank\" rel=\"noopener\">LICITACION PUBLICA N\u00ba07\/2022<\/a><br \/>\n<a href=\"http:\/\/www.santaana.gob.ar\/Licitaciones\/\" target=\"_blank\" rel=\"noopener\">LICITACION PUBLICA N\u00ba08\/2022<\/a><br \/>\n<a href=\"http:\/\/www.santaana.gob.ar\/Licitaciones\/\" target=\"_blank\" rel=\"noopener\">LICITACION PUBLICA N\u00ba09\/2022<\/a><br \/>\n<a href=\"http:\/\/www.santaana.gob.ar\/Licitaciones\/\" target=\"_blank\" rel=\"noopener\">LICITACION PUBLICA N\u00ba10\/2022<\/a><\/p>\n<p><b>INFORME CONTRATACIONES <\/b><br \/>\nMUNICIPALIDAD DE SANTA ANA INFORME DE CONTRATACIONES<br \/>\nEn el marco de transparencia institucional que lleva adelante la Municipalidad de Santa Ana se adjuntan los siguientes informes de las contrataciones realizadas por la Oficina de Compras, correspondientes a:<br \/>\n\u2022 Licitaciones Privadas<br \/>\n\u2022 Licitaciones P\u00fablicas<br \/>\n\u2022 Concursos y Cotejos de Precios<br \/>\n<img decoding=\"async\" src=\"http:\/\/www.santaana.gob.ar\/imagen\/pdf4.jpg\"><a href=\"http:\/\/www.santaana.gob.ar\/lyc2022.pdf\" target=\"_blank\" rel=\"noopener\"><b>Informe Contrataciones 2022 (PDF)<\/b><\/a><br \/>\n<img decoding=\"async\" src=\"http:\/\/www.santaana.gob.ar\/imagen\/pdf4.jpg\"><a href=\"http:\/\/www.santaana.gob.ar\/lyc2021.pdf\" target=\"_blank\" rel=\"noopener\"><b>Informe Contrataciones 2021 (PDF)<\/b><\/a><br \/>\n<img decoding=\"async\" src=\"http:\/\/www.santaana.gob.ar\/imagen\/pdf4.jpg\"><a href=\"http:\/\/www.santaana.gob.ar\/lyc2020.pdf\" target=\"_blank\" rel=\"noopener\"><b>Informe Contrataciones 2020 (PDF)<\/b><\/a><br \/>\n<img decoding=\"async\" src=\"http:\/\/www.santaana.gob.ar\/imagen\/pdf4.jpg\"><a href=\"http:\/\/www.santaana.gob.ar\/lyc2019.pdf\" target=\"_blank\" rel=\"noopener\"><b>Informe Contrataciones 2019 (PDF)<\/b><\/a><br \/>\n<img decoding=\"async\" src=\"http:\/\/www.santaana.gob.ar\/imagen\/pdf4.jpg\"><a href=\"http:\/\/www.santaana.gob.ar\/lyc2018.pdf\" target=\"_blank\" rel=\"noopener\"><b>Informe Contrataciones 2018 (PDF)<\/b><\/a><br \/>\n<img decoding=\"async\" src=\"http:\/\/www.santaana.gob.ar\/imagen\/pdf4.jpg\"><a href=\"http:\/\/www.santaana.gob.ar\/lyc2017.pdf\" target=\"_blank\" rel=\"noopener\"><b>Informe Contrataciones 2017 (PDF)<\/b><\/a><br \/>\n<img decoding=\"async\" src=\"http:\/\/www.santaana.gob.ar\/imagen\/pdf4.jpg\"><a href=\"http:\/\/www.santaana.gob.ar\/lyc2016.pdf\" target=\"_blank\" rel=\"noopener\"><b>Informe Contrataciones 2016 (PDF)<\/b><\/a><br \/>\n<img decoding=\"async\" src=\"http:\/\/www.santaana.gob.ar\/imagen\/pdf4.jpg\"><a href=\"http:\/\/www.santaana.gob.ar\/lyc2015.pdf\" target=\"_blank\" rel=\"noopener\"><b>Informe Contrataciones 2015 (PDF)<\/b><\/a><br \/>\n<img decoding=\"async\" src=\"http:\/\/www.santaana.gob.ar\/imagen\/pdf4.jpg\"><a href=\"http:\/\/www.santaana.gob.ar\/lyc2014.pdf\" target=\"_blank\" rel=\"noopener\"><b>Informe Contrataciones 2014 (PDF)<\/b><\/a><\/p>\n","protected":false},"excerpt":{"rendered":"<p>PROCEDIMIENTOS EN CURSO 2025 LICITACI\u00d3N P\u00daBLICA N\u00b006\/2025 La Municipalidad de Santa Ana, provincia de Entre R\u00edos, dispone el llamado a LICITACION PUBLICA que se individualizar\u00e1 con el N\u00ba 06\/2025, con el objeto de adjudicar el espacio para la concesi\u00f3n de la explotaci\u00f3n de los servicios de \u00abProveedur\u00eda, Cantina y Helader\u00eda\u00bb en costanera Av. Mandisov\u00ed en<a class=\"moretag\" href=\"http:\/\/www.santaana.gob.ar\/home\/licitaciones\/\"><span class=\"screen-reader-text\">Leer m\u00e1s sobre Licitaciones<\/span>[&#8230;]<\/a><\/p>\n","protected":false},"author":1,"featured_media":0,"parent":0,"menu_order":0,"comment_status":"closed","ping_status":"closed","template":"","meta":{"footnotes":""},"class_list":["post-41","page","type-page","status-publish","hentry"],"_links":{"self":[{"href":"http:\/\/www.santaana.gob.ar\/home\/wp-json\/wp\/v2\/pages\/41","targetHints":{"allow":["GET"]}}],"collection":[{"href":"http:\/\/www.santaana.gob.ar\/home\/wp-json\/wp\/v2\/pages"}],"about":[{"href":"http:\/\/www.santaana.gob.ar\/home\/wp-json\/wp\/v2\/types\/page"}],"author":[{"embeddable":true,"href":"http:\/\/www.santaana.gob.ar\/home\/wp-json\/wp\/v2\/users\/1"}],"replies":[{"embeddable":true,"href":"http:\/\/www.santaana.gob.ar\/home\/wp-json\/wp\/v2\/comments?post=41"}],"version-history":[{"count":54,"href":"http:\/\/www.santaana.gob.ar\/home\/wp-json\/wp\/v2\/pages\/41\/revisions"}],"predecessor-version":[{"id":5036,"href":"http:\/\/www.santaana.gob.ar\/home\/wp-json\/wp\/v2\/pages\/41\/revisions\/5036"}],"wp:attachment":[{"href":"http:\/\/www.santaana.gob.ar\/home\/wp-json\/wp\/v2\/media?parent=41"}],"curies":[{"name":"wp","href":"https:\/\/api.w.org\/{rel}","templated":true}]}}